{"id":1228,"date":"2023-03-11T11:20:59","date_gmt":"2023-03-11T10:20:59","guid":{"rendered":"https:\/\/www.devredenhof.nl\/unsere-zimmer\/"},"modified":"2023-06-06T14:42:27","modified_gmt":"2023-06-06T14:42:27","slug":"unsere-zimmer","status":"publish","type":"page","link":"https:\/\/www.devredenhof.nl\/de\/unsere-zimmer\/","title":{"rendered":"Unsere Zimmer"},"content":{"rendered":"<section class=\"two-box-sec bg_light_green  our_rooms_form\">\n    <div class=\"container\">\n        <div class=\"row\">\n            <div class=\"col-md-12\">\n                <div class=\"heading-top\">\n                    <h2>Buchen Sie Ihren Aufenthalt<\/h2>\n                <\/div>\n            <\/div>\n        <\/div>\n        <div class=\"row align-items-center image_box_alignment\">\n            <p>[mphb_availability_search]<\/p>\n        <\/div>\n    <\/div>\n<\/section>\n\n<section class=\"two-box-sec green-secttion\">\n    <div class=\"container\">\n        <div class=\"row\">\n            <div class=\"col-md-12\">\n                <div class=\"heading-top\">\n                    <h2>Unsere Zimmer<\/h2>\n                <\/div>\n            <\/div>\n        <\/div>\n        <div class=\"row align-items-center image_box_alignment\">\n            <p>Das Bed &amp; Breakfast Hotel Hoeve De Vredenhof verf\u00fcgt \u00fcber 11 ger\u00e4umige Doppelzimmer. Die Zimmer sind komplett neu eingerichtet und verf\u00fcgen alle \u00fcber eine Klimaanlage und ein luxuri\u00f6ses Badezimmer mit Regendusche. Unsere Unterkunft ist komplett rauchfrei und Haustiere sind nicht gestattet.<\/p>\n<p>Alle angegebenen Zimmerpreise verstehen sich inklusive reichhaltigem Fr\u00fchst\u00fccksbuffet und exklusive Kurtaxe.<\/p>\n<p>Sie k\u00f6nnen zwischen 16:00 und 18:00 Uhr bei uns einchecken.<\/p>\n<p>Unsere Unterkunft ist auch ideal f\u00fcr Gruppen. Die Gruppenunterkunft besteht aus 7 Schlafzimmern, einem Wohnzimmer, einem Esszimmer und einer K\u00fcche. Sie k\u00f6nnen mit Gruppen von bis zu 14 Personen hierher kommen. Diese kann mit den Zimmern im Nebengeb\u00e4ude f\u00fcr maximal 22 Personen erweitert werden.<\/p>\n<p>F\u00fcr weitere Informationen kontaktieren Sie uns bitte \u00fcber das <a href=\"https:\/\/www.devredenhof.nl\/de\/kontakt\/\">Kontaktformular<\/a> auf der Website oder per E-Mail.<\/p>\n        <\/div>\n    <\/div>\n<\/section>\n\n\n<!--------start icons--------->\n<section class=\"icons_section pt_100 pb_100 custom_icons_section\">\n    <div class=\"container\">\n        <div class=\"row\">             <div class=\"col-lg-3 col-md-3\">\n                <div class=\"icons_row text-center\">\n                    <div class=\"icons\">\n                        <img decoding=\"async\" src=\"https:\/\/www.devredenhof.nl\/wp-content\/uploads\/2023\/03\/TV.svg\">\n                    <\/div>\n                    <p>Flatscreen TV<\/p>\n                <\/div>\n            <\/div>\n                        <div class=\"col-lg-3 col-md-3\">\n                <div class=\"icons_row text-center\">\n                    <div class=\"icons\">\n                        <img decoding=\"async\" src=\"https:\/\/www.devredenhof.nl\/wp-content\/uploads\/2023\/03\/free-breakfast.svg\">\n                    <\/div>\n                    <p>Inklusive Fr\u00fchst\u00fcck<\/p>\n                <\/div>\n            <\/div>\n                        <div class=\"col-lg-3 col-md-3\">\n                <div class=\"icons_row text-center\">\n                    <div class=\"icons\">\n                        <img decoding=\"async\" src=\"https:\/\/www.devredenhof.nl\/wp-content\/uploads\/2023\/03\/gratis-wifi.svg\">\n                    <\/div>\n                    <p>Gratis WiFi<\/p>\n                <\/div>\n            <\/div>\n                        <div class=\"col-lg-3 col-md-3\">\n                <div class=\"icons_row text-center\">\n                    <div class=\"icons\">\n                        <img decoding=\"async\" src=\"https:\/\/www.devredenhof.nl\/wp-content\/uploads\/2023\/03\/moderne-badkamer.svg\">\n                    <\/div>\n                    <p>Luxuri\u00f6se Badezimmer<\/p>\n                <\/div>\n            <\/div>\n                        <div class=\"col-lg-3 col-md-3\">\n                <div class=\"icons_row text-center\">\n                    <div class=\"icons\">\n                        <img decoding=\"async\" src=\"https:\/\/www.devredenhof.nl\/wp-content\/uploads\/2023\/03\/rookvrije-kamers.svg\">\n                    <\/div>\n                    <p>Nichtraucher<\/p>\n                <\/div>\n            <\/div>\n                        <div class=\"col-lg-3 col-md-3\">\n                <div class=\"icons_row text-center\">\n                    <div class=\"icons\">\n                        <img decoding=\"async\" src=\"https:\/\/www.devredenhof.nl\/wp-content\/uploads\/2023\/03\/airconditioning.svg\">\n                    <\/div>\n                    <p>Airconditioning<\/p>\n                <\/div>\n            <\/div>\n                        <div class=\"col-lg-3 col-md-3\">\n                <div class=\"icons_row text-center\">\n                    <div class=\"icons\">\n                        <img decoding=\"async\" src=\"https:\/\/www.devredenhof.nl\/wp-content\/uploads\/2023\/03\/begane-grond.svg\">\n                    <\/div>\n                    <p>Wundersch\u00f6ne Umgebung<\/p>\n                <\/div>\n            <\/div>\n            \n\n        <\/div>\n    <\/div>\n<\/section>\n<!------end icons section------>\n\n\n<!-----start slider section-->\n<section class=\"slider_product_section pt_100 pb_100 bg_light_green\">\n    <div class=\"container\">\n        <div class=\"heading_section text-center\">\n            <span class=\"sub_heading\"><\/span>\n            <h2>Unsere Zimmer<\/h2>\n            <p>In unseren Google-Bewertungen erreichen wir eine Bewertung von 4,8<\/p>\n        <\/div>\n        <div class=\"swiper mySwiper inner_slider_product\">\n            <div class=\"owl-carousel product_slider_owl\">\n                                    <div class=\"swiper-slide\">\n                        <a href=\"https:\/\/bookingengine.mylighthouse.com\/hotel-b-and-b-hoeve-de-vredenhof-zuidlaren?language=de&#038;room=54004\">\n                            <div class=\"slide_product\">\n                                <div class=\"product_img\">\n                                    <img decoding=\"async\" src=\"https:\/\/www.devredenhof.nl\/wp-content\/uploads\/2023\/05\/Standaard-Plus2.jpg\" alt=\"Standaard Plus Zimmer\">\n                                <\/div>\n                                <div class=\"product_text\">\n                                    <div class=\"text_top d-flex flex-wrap justify-content-between align-items-center\">\n                                        <div class=\"review_left d-flex align-items-center\">\n                                            <span class=\"rating_count\">Preis beginnt bei<\/span>\n                                        <\/div>\n                                        <div class=\"price_right\">\n                                            <span class=\"price\">&euro; 90<\/span>\n                                        <\/div>\n                                    <\/div>\n                                    <div class=\"text_btm\">\n                                        <a href=\"https:\/\/bookingengine.mylighthouse.com\/hotel-b-and-b-hoeve-de-vredenhof-zuidlaren?language=de&#038;room=54004\">\n                                            <h6>Standaard Plus Zimmer<\/h6>\n                                        <\/a>\n                                        <p>Ger\u00e4umiges Zimmer von ca. 24 m2 im ersten Stock des Hoeve. Klimaanlage, eigenes Badezimmer mit Regendusche, Waschbecken und Toilette. Kostenloses WLAN, Wasserkocher und Flachbildfernseher.<\/p>\n                                        <ul class=\"d-flex justify-content-between\">\n                                                                                            <li><a href=\"#\" title=\"\"><img decoding=\"async\" src=\"\" alt=\"\"><\/a><\/li>\n                                                                                            <li><a href=\"#\" title=\"\"><img decoding=\"async\" src=\"\" alt=\"\"><\/a><\/li>\n                                                                                    <\/ul>\n                                        <a href=\"https:\/\/bookingengine.mylighthouse.com\/hotel-b-and-b-hoeve-de-vredenhof-zuidlaren?language=de&#038;room=54004\" class=\"btn btn_border\">Book Now<\/a>\n                                    <\/div>\n                                <\/div>\n                            <\/div>\n                        <\/a>\n                    <\/div>\n                                    <div class=\"swiper-slide\">\n                        <a href=\"https:\/\/bookingengine.mylighthouse.com\/hotel-b-and-b-hoeve-de-vredenhof-zuidlaren?language=de&#038;room=54007\">\n                            <div class=\"slide_product\">\n                                <div class=\"product_img\">\n                                    <img decoding=\"async\" src=\"https:\/\/www.devredenhof.nl\/wp-content\/uploads\/2025\/10\/DSC01614.jpg\" alt=\"DeLuxe Zimmer\">\n                                <\/div>\n                                <div class=\"product_text\">\n                                    <div class=\"text_top d-flex flex-wrap justify-content-between align-items-center\">\n                                        <div class=\"review_left d-flex align-items-center\">\n                                            <span class=\"rating_count\">Preis beginnt bei<\/span>\n                                        <\/div>\n                                        <div class=\"price_right\">\n                                            <span class=\"price\">&euro; 100<\/span>\n                                        <\/div>\n                                    <\/div>\n                                    <div class=\"text_btm\">\n                                        <a href=\"https:\/\/bookingengine.mylighthouse.com\/hotel-b-and-b-hoeve-de-vredenhof-zuidlaren?language=de&#038;room=54007\">\n                                            <h6>DeLuxe Zimmer<\/h6>\n                                        <\/a>\n                                        <p>Besonders ger\u00e4umiges Zimmer von ca. 28 m2 im Erdgeschoss des Nebengeb\u00e4udes mit Gartenblick oder im Erdgeschoss des Hoeve. Klimaanlage, eigenes Badezimmer mit Regendusche, Waschbecken und Toilette. Kostenloses WLAN, Wasserkocher und Flachbildfernseher.<\/p>\n                                        <ul class=\"d-flex justify-content-between\">\n                                                                                            <li><a href=\"#\" title=\"\"><img decoding=\"async\" src=\"\" alt=\"\"><\/a><\/li>\n                                                                                            <li><a href=\"#\" title=\"\"><img decoding=\"async\" src=\"\" alt=\"\"><\/a><\/li>\n                                                                                    <\/ul>\n                                        <a href=\"https:\/\/bookingengine.mylighthouse.com\/hotel-b-and-b-hoeve-de-vredenhof-zuidlaren?language=de&#038;room=54007\" class=\"btn btn_border\">Book Now<\/a>\n                                    <\/div>\n                                <\/div>\n                            <\/div>\n                        <\/a>\n                    <\/div>\n                                    <div class=\"swiper-slide\">\n                        <a href=\"https:\/\/bookingengine.mylighthouse.com\/hotel-b-and-b-hoeve-de-vredenhof-zuidlaren?language=de&#038;room=54002\">\n                            <div class=\"slide_product\">\n                                <div class=\"product_img\">\n                                    <img decoding=\"async\" src=\"https:\/\/www.devredenhof.nl\/wp-content\/uploads\/2025\/10\/DSC01584.jpg\" alt=\"Standard Zimmer\">\n                                <\/div>\n                                <div class=\"product_text\">\n                                    <div class=\"text_top d-flex flex-wrap justify-content-between align-items-center\">\n                                        <div class=\"review_left d-flex align-items-center\">\n                                            <span class=\"rating_count\">Preis beginnt bei<\/span>\n                                        <\/div>\n                                        <div class=\"price_right\">\n                                            <span class=\"price\">&euro; 85<\/span>\n                                        <\/div>\n                                    <\/div>\n                                    <div class=\"text_btm\">\n                                        <a href=\"https:\/\/bookingengine.mylighthouse.com\/hotel-b-and-b-hoeve-de-vredenhof-zuidlaren?language=de&#038;room=54002\">\n                                            <h6>Standard Zimmer<\/h6>\n                                        <\/a>\n                                        <p>Sch\u00f6nes Zimmer von ca. 18 m2 im ersten Stock des Hoeve mit gro\u00dfem Dachfenster. Klimaanlage, eigenes Badezimmer mit Regendusche, Waschbecken und Toilette. Kostenloses WLAN, Wasserkocher und Flachbildfernseher.<\/p>\n                                        <ul class=\"d-flex justify-content-between\">\n                                                                                            <li><a href=\"#\" title=\"\"><img decoding=\"async\" src=\"\" alt=\"\"><\/a><\/li>\n                                                                                            <li><a href=\"#\" title=\"\"><img decoding=\"async\" src=\"\" alt=\"\"><\/a><\/li>\n                                                                                    <\/ul>\n                                        <a href=\"https:\/\/bookingengine.mylighthouse.com\/hotel-b-and-b-hoeve-de-vredenhof-zuidlaren?language=de&#038;room=54002\" class=\"btn btn_border\">Book Now<\/a>\n                                    <\/div>\n                                <\/div>\n                            <\/div>\n                        <\/a>\n                    <\/div>\n                                    <div class=\"swiper-slide\">\n                        <a href=\"https:\/\/bookingengine.mylighthouse.com\/hotel-b-and-b-hoeve-de-vredenhof-zuidlaren?language=de&#038;room=54011\">\n                            <div class=\"slide_product\">\n                                <div class=\"product_img\">\n                                    <img decoding=\"async\" src=\"https:\/\/www.devredenhof.nl\/wp-content\/uploads\/2025\/10\/DSC01506.jpg\" alt=\"Comfort Zimmer\">\n                                <\/div>\n                                <div class=\"product_text\">\n                                    <div class=\"text_top d-flex flex-wrap justify-content-between align-items-center\">\n                                        <div class=\"review_left d-flex align-items-center\">\n                                            <span class=\"rating_count\">Preis beginnt bei<\/span>\n                                        <\/div>\n                                        <div class=\"price_right\">\n                                            <span class=\"price\">&euro; 95<\/span>\n                                        <\/div>\n                                    <\/div>\n                                    <div class=\"text_btm\">\n                                        <a href=\"https:\/\/bookingengine.mylighthouse.com\/hotel-b-and-b-hoeve-de-vredenhof-zuidlaren?language=de&#038;room=54011\">\n                                            <h6>Comfort Zimmer<\/h6>\n                                        <\/a>\n                                        <p>Ger\u00e4umiges Zimmer von ca. 21 m2 im Erdgeschoss des Nebengeb\u00e4udes mit Gartenblick. Klimaanlage, eigenes Badezimmer mit Regendusche, Waschbecken und Toilette. Kostenloses WLAN, Wasserkocher und Flachbildfernseher.<\/p>\n                                        <ul class=\"d-flex justify-content-between\">\n                                                                                            <li><a href=\"#\" title=\"\"><img decoding=\"async\" src=\"\" alt=\"\"><\/a><\/li>\n                                                                                            <li><a href=\"#\" title=\"\"><img decoding=\"async\" src=\"\" alt=\"\"><\/a><\/li>\n                                                                                    <\/ul>\n                                        <a href=\"https:\/\/bookingengine.mylighthouse.com\/hotel-b-and-b-hoeve-de-vredenhof-zuidlaren?language=de&#038;room=54011\" class=\"btn btn_border\">Book Now<\/a>\n                                    <\/div>\n                                <\/div>\n                            <\/div>\n                        <\/a>\n                    <\/div>\n                            <\/div>\n            <div class=\"swiper-pagination\"><\/div>\n        <\/div>\n    <\/div>\n<\/section>\n<!-----end slider section----->\n","protected":false},"excerpt":{"rendered":"","protected":false},"author":6,"featured_media":0,"parent":0,"menu_order":0,"comment_status":"closed","ping_status":"closed","template":"","meta":{"_acf_changed":false,"footnotes":""},"class_list":["post-1228","page","type-page","status-publish","hentry"],"acf":[],"yoast_head":"<!-- This site is optimized with the Yoast SEO plugin v27.5 - https:\/\/yoast.com\/product\/yoast-seo-wordpress\/ -->\n<title>Unsere Zimmer - Bed &amp; Breakfast Hotel Hoeve De Vredenhof<\/title>\n<meta name=\"robots\" content=\"index, follow, max-snippet:-1, max-image-preview:large, max-video-preview:-1\" \/>\n<link rel=\"canonical\" href=\"https:\/\/www.devredenhof.nl\/de\/unsere-zimmer\/\" \/>\n<meta property=\"og:locale\" content=\"de_DE\" \/>\n<meta property=\"og:type\" content=\"article\" \/>\n<meta property=\"og:title\" content=\"Unsere Zimmer - Bed &amp; Breakfast Hotel Hoeve De Vredenhof\" \/>\n<meta property=\"og:url\" content=\"https:\/\/www.devredenhof.nl\/de\/unsere-zimmer\/\" \/>\n<meta property=\"og:site_name\" content=\"Bed &amp; Breakfast Hotel Hoeve De Vredenhof\" \/>\n<meta property=\"article:modified_time\" content=\"2023-06-06T14:42:27+00:00\" \/>\n<meta name=\"twitter:card\" content=\"summary_large_image\" \/>\n<script type=\"application\/ld+json\" class=\"yoast-schema-graph\">{\"@context\":\"https:\\\/\\\/schema.org\",\"@graph\":[{\"@type\":\"WebPage\",\"@id\":\"https:\\\/\\\/www.devredenhof.nl\\\/de\\\/unsere-zimmer\\\/\",\"url\":\"https:\\\/\\\/www.devredenhof.nl\\\/de\\\/unsere-zimmer\\\/\",\"name\":\"Unsere Zimmer - Bed &amp; Breakfast Hotel Hoeve De Vredenhof\",\"isPartOf\":{\"@id\":\"https:\\\/\\\/www.devredenhof.nl\\\/de\\\/#website\"},\"datePublished\":\"2023-03-11T10:20:59+00:00\",\"dateModified\":\"2023-06-06T14:42:27+00:00\",\"breadcrumb\":{\"@id\":\"https:\\\/\\\/www.devredenhof.nl\\\/de\\\/unsere-zimmer\\\/#breadcrumb\"},\"inLanguage\":\"de\",\"potentialAction\":[{\"@type\":\"ReadAction\",\"target\":[\"https:\\\/\\\/www.devredenhof.nl\\\/de\\\/unsere-zimmer\\\/\"]}]},{\"@type\":\"BreadcrumbList\",\"@id\":\"https:\\\/\\\/www.devredenhof.nl\\\/de\\\/unsere-zimmer\\\/#breadcrumb\",\"itemListElement\":[{\"@type\":\"ListItem\",\"position\":1,\"name\":\"Home\",\"item\":\"https:\\\/\\\/www.devredenhof.nl\\\/de\\\/\"},{\"@type\":\"ListItem\",\"position\":2,\"name\":\"Unsere Zimmer\"}]},{\"@type\":\"WebSite\",\"@id\":\"https:\\\/\\\/www.devredenhof.nl\\\/de\\\/#website\",\"url\":\"https:\\\/\\\/www.devredenhof.nl\\\/de\\\/\",\"name\":\"Bed &amp; Breakfast Hotel Hoeve De Vredenhof\",\"description\":\"\",\"potentialAction\":[{\"@type\":\"SearchAction\",\"target\":{\"@type\":\"EntryPoint\",\"urlTemplate\":\"https:\\\/\\\/www.devredenhof.nl\\\/de\\\/?s={search_term_string}\"},\"query-input\":{\"@type\":\"PropertyValueSpecification\",\"valueRequired\":true,\"valueName\":\"search_term_string\"}}],\"inLanguage\":\"de\"}]}<\/script>\n<!-- \/ Yoast SEO plugin. -->","yoast_head_json":{"title":"Unsere Zimmer - Bed &amp; Breakfast Hotel Hoeve De Vredenhof","robots":{"index":"index","follow":"follow","max-snippet":"max-snippet:-1","max-image-preview":"max-image-preview:large","max-video-preview":"max-video-preview:-1"},"canonical":"https:\/\/www.devredenhof.nl\/de\/unsere-zimmer\/","og_locale":"de_DE","og_type":"article","og_title":"Unsere Zimmer - Bed &amp; Breakfast Hotel Hoeve De Vredenhof","og_url":"https:\/\/www.devredenhof.nl\/de\/unsere-zimmer\/","og_site_name":"Bed &amp; Breakfast Hotel Hoeve De Vredenhof","article_modified_time":"2023-06-06T14:42:27+00:00","twitter_card":"summary_large_image","schema":{"@context":"https:\/\/schema.org","@graph":[{"@type":"WebPage","@id":"https:\/\/www.devredenhof.nl\/de\/unsere-zimmer\/","url":"https:\/\/www.devredenhof.nl\/de\/unsere-zimmer\/","name":"Unsere Zimmer - Bed &amp; Breakfast Hotel Hoeve De Vredenhof","isPartOf":{"@id":"https:\/\/www.devredenhof.nl\/de\/#website"},"datePublished":"2023-03-11T10:20:59+00:00","dateModified":"2023-06-06T14:42:27+00:00","breadcrumb":{"@id":"https:\/\/www.devredenhof.nl\/de\/unsere-zimmer\/#breadcrumb"},"inLanguage":"de","potentialAction":[{"@type":"ReadAction","target":["https:\/\/www.devredenhof.nl\/de\/unsere-zimmer\/"]}]},{"@type":"BreadcrumbList","@id":"https:\/\/www.devredenhof.nl\/de\/unsere-zimmer\/#breadcrumb","itemListElement":[{"@type":"ListItem","position":1,"name":"Home","item":"https:\/\/www.devredenhof.nl\/de\/"},{"@type":"ListItem","position":2,"name":"Unsere Zimmer"}]},{"@type":"WebSite","@id":"https:\/\/www.devredenhof.nl\/de\/#website","url":"https:\/\/www.devredenhof.nl\/de\/","name":"Bed &amp; Breakfast Hotel Hoeve De Vredenhof","description":"","potentialAction":[{"@type":"SearchAction","target":{"@type":"EntryPoint","urlTemplate":"https:\/\/www.devredenhof.nl\/de\/?s={search_term_string}"},"query-input":{"@type":"PropertyValueSpecification","valueRequired":true,"valueName":"search_term_string"}}],"inLanguage":"de"}]}},"_links":{"self":[{"href":"https:\/\/www.devredenhof.nl\/de\/wp-json\/wp\/v2\/pages\/1228","targetHints":{"allow":["GET"]}}],"collection":[{"href":"https:\/\/www.devredenhof.nl\/de\/wp-json\/wp\/v2\/pages"}],"about":[{"href":"https:\/\/www.devredenhof.nl\/de\/wp-json\/wp\/v2\/types\/page"}],"author":[{"embeddable":true,"href":"https:\/\/www.devredenhof.nl\/de\/wp-json\/wp\/v2\/users\/6"}],"replies":[{"embeddable":true,"href":"https:\/\/www.devredenhof.nl\/de\/wp-json\/wp\/v2\/comments?post=1228"}],"version-history":[{"count":7,"href":"https:\/\/www.devredenhof.nl\/de\/wp-json\/wp\/v2\/pages\/1228\/revisions"}],"predecessor-version":[{"id":2029,"href":"https:\/\/www.devredenhof.nl\/de\/wp-json\/wp\/v2\/pages\/1228\/revisions\/2029"}],"wp:attachment":[{"href":"https:\/\/www.devredenhof.nl\/de\/wp-json\/wp\/v2\/media?parent=1228"}],"curies":[{"name":"wp","href":"https:\/\/api.w.org\/{rel}","templated":true}]}}