{"id":1817,"date":"2023-05-24T09:49:43","date_gmt":"2023-05-24T07:49:43","guid":{"rendered":"https:\/\/www.devredenhof.nl\/?page_id=1817"},"modified":"2025-10-10T21:44:09","modified_gmt":"2025-10-10T19:44:09","slug":"information","status":"publish","type":"page","link":"https:\/\/www.devredenhof.nl\/de\/information\/","title":{"rendered":"Informationen"},"content":{"rendered":"<section class=\"two-box-sec \">\n    <div class=\"container\">\n        <div class=\"row\">\n            <div class=\"col-md-12\">\n                <div class=\"heading-top\">\n                    <h2>Informationen zu unserer Unterkunft<\/h2>\n                <\/div>\n            <\/div>\n        <\/div>\n        <div class=\"row align-items-center image_box_alignment\">\n            <p data-start=\"43\" data-end=\"55\"><strong data-start=\"43\" data-end=\"55\">Check\u2011in<\/strong><\/p>\n<p data-start=\"57\" data-end=\"282\">Zwischen <strong data-start=\"66\" data-end=\"89\">16:00 und 18:00 Uhr<\/strong> ist ein Check\u2011in m\u00f6glich. K\u00f6nnen Sie uns bitte mitteilen, <strong data-start=\"148\" data-end=\"218\">wann Sie voraussichtlich an der Hoeve De Vredenhof ankommen werden<\/strong>? Wir sind nicht dauerhaft vor Ort und besitzen keine Rezeption.<\/p>\n<p data-start=\"284\" data-end=\"297\"><strong data-start=\"284\" data-end=\"297\">Check\u2011out<\/strong><\/p>\n<p data-start=\"299\" data-end=\"440\">Am Abreisetag k\u00f6nnen Sie zwischen <strong data-start=\"333\" data-end=\"367\">08:00 und 11:00 Uhr auschecken<\/strong>. Andere Check\u2011out\u2011Zeiten sind selbstverst\u00e4ndlich nach Absprache m\u00f6glich.<\/p>\n<p data-start=\"442\" data-end=\"452\"><strong data-start=\"442\" data-end=\"452\">Parken<\/strong><\/p>\n<p data-start=\"454\" data-end=\"498\">In ganz Zuidlaren kann man kostenlos parken.<\/p>\n<p data-start=\"500\" data-end=\"653\">Wenn Sie bei uns gebucht haben: Verwenden Sie bitte den Google Maps\u2011Pin, den Sie vor Ihrer Ankunft per E\u2011Mail erhalten, um den Standort leicht zu finden.<\/p>\n<p data-start=\"655\" data-end=\"819\">Sie gelangen durch den Zaun in unseren Garten. An der Au\u00dfent\u00fcr des Fr\u00fchst\u00fccksraums h\u00e4ngt eine Klingel \u2013 <strong data-start=\"759\" data-end=\"786\">klingeln Sie bitte kurz<\/strong>, wir kommen dann zum Einchecken.<\/p>\n<p data-start=\"821\" data-end=\"841\"><strong data-start=\"821\" data-end=\"841\">Fr\u00fchst\u00fcckszeiten<\/strong><\/p>\n<p data-start=\"843\" data-end=\"943\">Das Fr\u00fchst\u00fcck ist zwischen <strong data-start=\"870\" data-end=\"893\">08:00 und 10:00 Uhr<\/strong>. Individuelle Zeiten sind nach Absprache m\u00f6glich.<\/p>\n<p data-start=\"945\" data-end=\"969\"><strong data-start=\"945\" data-end=\"969\">Ruhe und Entspannung<\/strong><\/p>\n<p data-start=\"971\" data-end=\"1256\">Der Hof ist authentisch und stimmungsvoll, was bedeutet, dass Ger\u00e4usche aus anderen Zimmern oder dem Flur manchmal h\u00f6rbar sein k\u00f6nnen. Wir tun alles, um Ihren Aufenthalt so ruhig wie m\u00f6glich zu gestalten, und bitten unsere G\u00e4ste, <strong data-start=\"1201\" data-end=\"1255\">abends und morgens aufeinander R\u00fccksicht zu nehmen<\/strong>.<\/p>\n<p data-start=\"1258\" data-end=\"1271\"><strong data-start=\"1258\" data-end=\"1271\">Rauchfrei<\/strong><\/p>\n<p data-start=\"1273\" data-end=\"1398\">Alle Innenr\u00e4ume unserer Unterkunft sind rauchfrei. Beim Rauchen innerhalb des Hauses berechnen wir <strong data-start=\"1372\" data-end=\"1397\">\u20ac250 Reinigungsgeb\u00fchr<\/strong>.<\/p>\n<p data-start=\"1400\" data-end=\"1413\"><strong data-start=\"1400\" data-end=\"1413\">Haustiere<\/strong><\/p>\n<p data-start=\"1415\" data-end=\"1471\">Das Mitbringen von Haustieren ist bei uns nicht erlaubt.<\/p>\n<p data-start=\"1473\" data-end=\"1491\"><strong data-start=\"1473\" data-end=\"1491\">Fahrradverleih<\/strong><\/p>\n<p data-start=\"1493\" data-end=\"1748\">Wir verf\u00fcgen \u00fcber 4 Fahrr\u00e4der mit Gangschaltung. Die Kosten betragen <strong data-start=\"1562\" data-end=\"1592\">\u20ac\u202f8,50 pro Fahrrad und Tag<\/strong>. Falls Sie eines mieten m\u00f6chten, nehmen Sie bitte im Voraus Kontakt mit uns auf, damit wir die Verf\u00fcgbarkeit pr\u00fcfen und Ihre Reservierung eintragen k\u00f6nnen.<\/p>\n<p data-start=\"1750\" data-end=\"1765\"><strong data-start=\"1750\" data-end=\"1765\">Stornierung<\/strong><\/p>\n<p data-start=\"1767\" data-end=\"1811\">Bei Stornierung gelten folgende Bedingungen:<\/p>\n<ul data-start=\"1813\" data-end=\"2051\">\n<li data-start=\"1813\" data-end=\"1864\">\n<p data-start=\"1815\" data-end=\"1864\">Bis 7 Tage vor Ankunft: kostenfreie Stornierung<\/p>\n<\/li>\n<li data-start=\"1865\" data-end=\"1947\">\n<p data-start=\"1867\" data-end=\"1947\">Innerhalb von 7 Tagen vor Ankunft: <strong data-start=\"1902\" data-end=\"1928\">50\u202f% des Gesamtbetrags<\/strong> werden berechnet<\/p>\n<\/li>\n<li data-start=\"1948\" data-end=\"2051\">\n<p data-start=\"1950\" data-end=\"2051\">Innerhalb von 48 Stunden vor Ankunft oder bei Nicht\u2011Erscheinen (no\u2011show): <strong data-start=\"2024\" data-end=\"2051\">100\u202f% des Gesamtbetrags<\/strong><\/p>\n<\/li>\n<\/ul>\n<p data-start=\"2053\" data-end=\"2162\">Stornierungen m\u00fcssen schriftlich oder per E\u2011Mail erfolgen und sind erst nach unserer Best\u00e4tigung verbindlich.<\/p>\n<p data-start=\"2164\" data-end=\"2193\"><strong data-start=\"2164\" data-end=\"2193\">Wandern auf dem Pieterpad<\/strong><\/p>\n<p data-start=\"2195\" data-end=\"2665\">Der Pieterpad ist der bekannteste Fernwanderweg der Niederlande. Die Route f\u00fchrt von Pieterburen an der Groninger Watten\u00adk\u00fcste zur Sint\u2011Pietersberg bei Maastricht und umfasst eine L\u00e4nge von <strong data-start=\"2385\" data-end=\"2403\">492 Kilometern<\/strong>, unterteilt in 26 Etappen. Gepr\u00e4gt durch unterschiedliche Landschaften, wird die Strecke vom Nivon gepflegt. Der Pieterpad ist im Gel\u00e4nde durch die international bekannten wei\u00df\u2011roten Markierungen der niederl\u00e4ndischen Langstreckenwanderwege (LAW) gekennzeichnet.<\/p>\n<p data-start=\"2667\" data-end=\"2695\">Quelle: de Volkskrant (2023)<\/p>\n<p data-start=\"2697\" data-end=\"2740\"><strong data-start=\"2697\" data-end=\"2740\">Pieterpad\u2011Etappen ab unserer Unterkunft<\/strong><\/p>\n<p data-start=\"2742\" data-end=\"2836\">Von der Bed &amp; Breakfast Hoeve de Vredenhof aus k\u00f6nnen Sie f\u00fcnf Etappen des Pieterpads wandern:<\/p>\n<ul data-start=\"2838\" data-end=\"4062\">\n<li data-start=\"2838\" data-end=\"3051\">\n<p data-start=\"2840\" data-end=\"3051\"><strong data-start=\"2840\" data-end=\"2874\">Etappe\u202f1: Pieterburen \u2013 Winsum<\/strong><br data-start=\"2874\" data-end=\"2877\" \/>Gute \u00f6ffentliche Verkehrsverbindung. Sie fahren selbst mit dem Auto nach Pieterburen; Wanderung nach Winsum und dann mit dem \u00d6PNV (Bus) zur\u00fcck zu Ihrem Auto in Pieterburen.<\/p>\n<\/li>\n<li data-start=\"3053\" data-end=\"3243\">\n<p data-start=\"3055\" data-end=\"3243\"><strong data-start=\"3055\" data-end=\"3087\">Etappe\u202f2: Winsum \u2013 Groningen<\/strong><br data-start=\"3087\" data-end=\"3090\" \/>Gute \u00f6ffentliche Verkehrsverbindung. Sie fahren mit dem Auto nach Winsum; Wanderung nach Groningen und dann mit dem Zug zur\u00fcck zu Ihrem Auto in Winsum.<\/p>\n<\/li>\n<li data-start=\"3245\" data-end=\"3458\">\n<p data-start=\"3247\" data-end=\"3458\"><strong data-start=\"3247\" data-end=\"3282\">Etappe\u202f3: Groningen \u2013 Zuidlaren<\/strong><br data-start=\"3282\" data-end=\"3285\" \/>Gute \u00f6ffentliche Verkehrsverbindung. Sie k\u00f6nnen mit dem Bus von Zuidlaren (Haltestelle ca. 150\u202fMeter entfernt) nach Groningen fahren und dann zur\u00fcckwandern nach Zuidlaren.<\/p>\n<\/li>\n<li data-start=\"3460\" data-end=\"3873\">\n<p data-start=\"3462\" data-end=\"3873\"><strong data-start=\"3462\" data-end=\"3493\">Etappe\u202f4: Zuidlaren \u2013 Rolde<\/strong><br data-start=\"3493\" data-end=\"3496\" \/>Von Montag bis einschlie\u00dflich Samstag gibt es gute \u00d6PNV\u2011Verbindungen zwischen Zuidlaren und Rolde. F\u00fcr mehr Informationen siehe <a class=\"decorated-link cursor-pointer\" target=\"_new\" rel=\"noopener\" data-start=\"3626\" data-end=\"3637\">www.9292.nl<\/a>. Verwenden Sie die Bushaltestellen \u201eBrink Zuidlaren\u201c und \u201eGrote Brink Rolde\u201c als Start\u2011 und Zielpunkte. Zus\u00e4tzlich besteht die M\u00f6glichkeit, eine Hubtaxi im Voraus zu buchen. Weitere Informationen finden Sie auf der Website von Hubtaxi.<\/p>\n<\/li>\n<li data-start=\"3875\" data-end=\"4062\">\n<p data-start=\"3877\" data-end=\"4062\"><strong data-start=\"3877\" data-end=\"3908\">Etappe\u202f5: Rolde \u2013 Schoonloo<\/strong><br data-start=\"3908\" data-end=\"3911\" \/>Gute \u00f6ffentliche Verkehrsverbindung. Sie fahren mit dem Auto nach Rolde; Wanderung nach Schoonloo und dann mit dem Bus zur\u00fcck zu Ihrem Auto in Rolde.<\/p>\n<\/li>\n<\/ul>\n        <\/div>\n    <\/div>\n<\/section>","protected":false},"excerpt":{"rendered":"","protected":false},"author":6,"featured_media":0,"parent":0,"menu_order":0,"comment_status":"closed","ping_status":"closed","template":"","meta":{"_acf_changed":false,"footnotes":""},"class_list":["post-1817","page","type-page","status-publish","hentry"],"acf":[],"yoast_head":"<!-- This site is optimized with the Yoast SEO plugin v27.5 - https:\/\/yoast.com\/product\/yoast-seo-wordpress\/ -->\n<title>Informationen - Bed &amp; Breakfast Hotel Hoeve De Vredenhof<\/title>\n<meta name=\"robots\" content=\"index, follow, max-snippet:-1, max-image-preview:large, max-video-preview:-1\" \/>\n<link rel=\"canonical\" href=\"https:\/\/www.devredenhof.nl\/de\/information\/\" \/>\n<meta property=\"og:locale\" content=\"de_DE\" \/>\n<meta property=\"og:type\" content=\"article\" \/>\n<meta property=\"og:title\" content=\"Informationen - Bed &amp; Breakfast Hotel Hoeve De Vredenhof\" \/>\n<meta property=\"og:url\" content=\"https:\/\/www.devredenhof.nl\/de\/information\/\" \/>\n<meta property=\"og:site_name\" content=\"Bed &amp; Breakfast Hotel Hoeve De Vredenhof\" \/>\n<meta property=\"article:modified_time\" content=\"2025-10-10T19:44:09+00:00\" \/>\n<meta name=\"twitter:card\" content=\"summary_large_image\" \/>\n<script type=\"application\/ld+json\" class=\"yoast-schema-graph\">{\"@context\":\"https:\\\/\\\/schema.org\",\"@graph\":[{\"@type\":\"WebPage\",\"@id\":\"https:\\\/\\\/www.devredenhof.nl\\\/de\\\/information\\\/\",\"url\":\"https:\\\/\\\/www.devredenhof.nl\\\/de\\\/information\\\/\",\"name\":\"Informationen - Bed &amp; Breakfast Hotel Hoeve De Vredenhof\",\"isPartOf\":{\"@id\":\"https:\\\/\\\/www.devredenhof.nl\\\/de\\\/#website\"},\"datePublished\":\"2023-05-24T07:49:43+00:00\",\"dateModified\":\"2025-10-10T19:44:09+00:00\",\"breadcrumb\":{\"@id\":\"https:\\\/\\\/www.devredenhof.nl\\\/de\\\/information\\\/#breadcrumb\"},\"inLanguage\":\"de\",\"potentialAction\":[{\"@type\":\"ReadAction\",\"target\":[\"https:\\\/\\\/www.devredenhof.nl\\\/de\\\/information\\\/\"]}]},{\"@type\":\"BreadcrumbList\",\"@id\":\"https:\\\/\\\/www.devredenhof.nl\\\/de\\\/information\\\/#breadcrumb\",\"itemListElement\":[{\"@type\":\"ListItem\",\"position\":1,\"name\":\"Home\",\"item\":\"https:\\\/\\\/www.devredenhof.nl\\\/de\\\/\"},{\"@type\":\"ListItem\",\"position\":2,\"name\":\"Informationen\"}]},{\"@type\":\"WebSite\",\"@id\":\"https:\\\/\\\/www.devredenhof.nl\\\/de\\\/#website\",\"url\":\"https:\\\/\\\/www.devredenhof.nl\\\/de\\\/\",\"name\":\"Bed &amp; Breakfast Hotel Hoeve De Vredenhof\",\"description\":\"\",\"potentialAction\":[{\"@type\":\"SearchAction\",\"target\":{\"@type\":\"EntryPoint\",\"urlTemplate\":\"https:\\\/\\\/www.devredenhof.nl\\\/de\\\/?s={search_term_string}\"},\"query-input\":{\"@type\":\"PropertyValueSpecification\",\"valueRequired\":true,\"valueName\":\"search_term_string\"}}],\"inLanguage\":\"de\"}]}<\/script>\n<!-- \/ Yoast SEO plugin. -->","yoast_head_json":{"title":"Informationen - Bed &amp; Breakfast Hotel Hoeve De Vredenhof","robots":{"index":"index","follow":"follow","max-snippet":"max-snippet:-1","max-image-preview":"max-image-preview:large","max-video-preview":"max-video-preview:-1"},"canonical":"https:\/\/www.devredenhof.nl\/de\/information\/","og_locale":"de_DE","og_type":"article","og_title":"Informationen - Bed &amp; Breakfast Hotel Hoeve De Vredenhof","og_url":"https:\/\/www.devredenhof.nl\/de\/information\/","og_site_name":"Bed &amp; Breakfast Hotel Hoeve De Vredenhof","article_modified_time":"2025-10-10T19:44:09+00:00","twitter_card":"summary_large_image","schema":{"@context":"https:\/\/schema.org","@graph":[{"@type":"WebPage","@id":"https:\/\/www.devredenhof.nl\/de\/information\/","url":"https:\/\/www.devredenhof.nl\/de\/information\/","name":"Informationen - Bed &amp; Breakfast Hotel Hoeve De Vredenhof","isPartOf":{"@id":"https:\/\/www.devredenhof.nl\/de\/#website"},"datePublished":"2023-05-24T07:49:43+00:00","dateModified":"2025-10-10T19:44:09+00:00","breadcrumb":{"@id":"https:\/\/www.devredenhof.nl\/de\/information\/#breadcrumb"},"inLanguage":"de","potentialAction":[{"@type":"ReadAction","target":["https:\/\/www.devredenhof.nl\/de\/information\/"]}]},{"@type":"BreadcrumbList","@id":"https:\/\/www.devredenhof.nl\/de\/information\/#breadcrumb","itemListElement":[{"@type":"ListItem","position":1,"name":"Home","item":"https:\/\/www.devredenhof.nl\/de\/"},{"@type":"ListItem","position":2,"name":"Informationen"}]},{"@type":"WebSite","@id":"https:\/\/www.devredenhof.nl\/de\/#website","url":"https:\/\/www.devredenhof.nl\/de\/","name":"Bed &amp; Breakfast Hotel Hoeve De Vredenhof","description":"","potentialAction":[{"@type":"SearchAction","target":{"@type":"EntryPoint","urlTemplate":"https:\/\/www.devredenhof.nl\/de\/?s={search_term_string}"},"query-input":{"@type":"PropertyValueSpecification","valueRequired":true,"valueName":"search_term_string"}}],"inLanguage":"de"}]}},"_links":{"self":[{"href":"https:\/\/www.devredenhof.nl\/de\/wp-json\/wp\/v2\/pages\/1817","targetHints":{"allow":["GET"]}}],"collection":[{"href":"https:\/\/www.devredenhof.nl\/de\/wp-json\/wp\/v2\/pages"}],"about":[{"href":"https:\/\/www.devredenhof.nl\/de\/wp-json\/wp\/v2\/types\/page"}],"author":[{"embeddable":true,"href":"https:\/\/www.devredenhof.nl\/de\/wp-json\/wp\/v2\/users\/6"}],"replies":[{"embeddable":true,"href":"https:\/\/www.devredenhof.nl\/de\/wp-json\/wp\/v2\/comments?post=1817"}],"version-history":[{"count":12,"href":"https:\/\/www.devredenhof.nl\/de\/wp-json\/wp\/v2\/pages\/1817\/revisions"}],"predecessor-version":[{"id":17793,"href":"https:\/\/www.devredenhof.nl\/de\/wp-json\/wp\/v2\/pages\/1817\/revisions\/17793"}],"wp:attachment":[{"href":"https:\/\/www.devredenhof.nl\/de\/wp-json\/wp\/v2\/media?parent=1817"}],"curies":[{"name":"wp","href":"https:\/\/api.w.org\/{rel}","templated":true}]}}